{"id":8477,"date":"2019-03-06T11:17:51","date_gmt":"2019-03-06T10:17:51","guid":{"rendered":"http:\/\/chlueppliseck.ch\/?page_id=8477"},"modified":"2022-12-27T20:00:12","modified_gmt":"2022-12-27T19:00:12","slug":"fotos-gruppe","status":"publish","type":"page","link":"https:\/\/chlueppliseck.ch\/wordpress\/foto-galerie\/fotos-gruppe\/","title":{"rendered":"Fotos Gruppe"},"content":{"rendered":"\n<p style=\"text-align: center;\"><strong>Saison 2022\/2023 &#8211; Barock<\/strong><\/p>\n<p style=\"text-align: center;\">Coming soon&#8230;<\/p>\n<hr>\n<p style=\"text-align: center;\"><strong>Saison 2019\/2020 und 2021 und 2022 Dank \ud83e\udda0\u200a &#8211; Tierisch gut drauf&#8230;<\/strong><\/p>\n<p style=\"text-align: center;\"><a href=\"https:\/\/i0.wp.com\/chlueppliseck.ch\/wordpress\/wp-content\/uploads\/2019\/02\/Gruppenfoto-2019-Tierisch-gut-drauf....jpg?ssl=1\"><img data-recalc-dims=\"1\" loading=\"lazy\" decoding=\"async\" src=\"https:\/\/i0.wp.com\/chlueppliseck.ch\/wordpress\/wp-content\/uploads\/2019\/02\/Gruppenfoto-2019-Tierisch-gut-drauf....jpg?resize=600%2C258&#038;ssl=1\" alt=\"\" width=\"600\" height=\"258\"><\/a><\/p>\n<p style=\"text-align: center;\">(Klick auf das Bild f\u00fcr Vollbild&#8230;)<\/p>\n<hr>\n<p style=\"text-align: center;\"><strong>Saison 2017\/2018 &#8211; R\u00f6ckl<\/strong><\/p>\n<p style=\"text-align: center;\"><a href=\"https:\/\/i0.wp.com\/chlueppliseck.ch\/wordpress\/wp-content\/uploads\/2019\/03\/IMG-20170219-WA0029.jpg?ssl=1\"><img data-recalc-dims=\"1\" loading=\"lazy\" decoding=\"async\" src=\"https:\/\/i0.wp.com\/chlueppliseck.ch\/wordpress\/wp-content\/uploads\/2019\/03\/IMG-20170219-WA0029.jpg?resize=600%2C450&#038;ssl=1\" alt=\"\" width=\"600\" height=\"450\"><\/a><\/p>\n<p style=\"text-align: center;\">(Klick auf das Bild f\u00fcr Vollbild&#8230;)<\/p>\n<hr>\n<p style=\"text-align: center;\"><strong>Saison 2015\/2016 &#8211; Froschk\u00f6nig&#8230;<\/strong><\/p>\n<p style=\"text-align: center;\"><a href=\"https:\/\/chlueppliseck.ch\/wordpress\/wp-content\/uploads\/2019\/03\/IMG_0641.jpg\"><br><\/a><a href=\"https:\/\/i0.wp.com\/chlueppliseck.ch\/wordpress\/wp-content\/uploads\/2019\/03\/IMG_0641.jpg?ssl=1\"><img data-recalc-dims=\"1\" loading=\"lazy\" decoding=\"async\" src=\"https:\/\/i0.wp.com\/chlueppliseck.ch\/wordpress\/wp-content\/uploads\/2019\/03\/IMG_0641.jpg?resize=600%2C400&#038;ssl=1\" alt=\"\" width=\"600\" height=\"400\"><\/a><\/p>\n<p style=\"text-align: center;\">(Klick auf das Bild f\u00fcr Vollbild&#8230;)<\/p>\n<hr>\n<p style=\"text-align: center;\"><strong>Saison 2013\/2014 &#8211; Zottelfell<\/strong><\/p>\n<p style=\"text-align: center;\">(Inoffiziell Totes Tier \ud83d\ude1c)\u2026<\/p>\n<p style=\"text-align: center;\"><a href=\"https:\/\/i0.wp.com\/chlueppliseck.ch\/wordpress\/wp-content\/uploads\/2019\/03\/Gruppenfoto-2013-14.jpg?ssl=1\"><img data-recalc-dims=\"1\" loading=\"lazy\" decoding=\"async\" src=\"https:\/\/i0.wp.com\/chlueppliseck.ch\/wordpress\/wp-content\/uploads\/2019\/03\/Gruppenfoto-2013-14.jpg?resize=600%2C392&#038;ssl=1\" alt=\"\" width=\"600\" height=\"392\"><\/a><\/p>\n<p style=\"text-align: center;\">(Klick auf das Bild f\u00fcr Vollbild&#8230;)<\/p>\n<hr>\n<p style=\"text-align: center;\"><strong>Saison 2011\/2012 &#8211; Regenbogen<\/strong><\/p>\n<p style=\"text-align: center;\"><a href=\"https:\/\/i0.wp.com\/chlueppliseck.ch\/wordpress\/wp-content\/uploads\/2019\/03\/Gruppenfoto-Saison-2011-12.jpg?ssl=1\"><img data-recalc-dims=\"1\" loading=\"lazy\" decoding=\"async\" class=\"aligncenter wp-image-8489 size-medium\" src=\"https:\/\/i0.wp.com\/chlueppliseck.ch\/wordpress\/wp-content\/uploads\/2019\/03\/Gruppenfoto-Saison-2011-12.jpg?resize=600%2C450&#038;ssl=1\" alt=\"\" width=\"600\" height=\"450\" srcset=\"https:\/\/i0.wp.com\/chlueppliseck.ch\/wordpress\/wp-content\/uploads\/2019\/03\/Gruppenfoto-Saison-2011-12.jpg?resize=600%2C450&amp;ssl=1 600w, https:\/\/i0.wp.com\/chlueppliseck.ch\/wordpress\/wp-content\/uploads\/2019\/03\/Gruppenfoto-Saison-2011-12.jpg?resize=300%2C225&amp;ssl=1 300w, https:\/\/i0.wp.com\/chlueppliseck.ch\/wordpress\/wp-content\/uploads\/2019\/03\/Gruppenfoto-Saison-2011-12.jpg?resize=644%2C483&amp;ssl=1 644w, https:\/\/i0.wp.com\/chlueppliseck.ch\/wordpress\/wp-content\/uploads\/2019\/03\/Gruppenfoto-Saison-2011-12.jpg?w=720&amp;ssl=1 720w\" sizes=\"auto, (max-width: 600px) 100vw, 600px\" \/><\/a>(Klick auf das Bild f\u00fcr Vollbild&#8230;)<\/p>\n<hr>\n<p style=\"text-align: center;\"><strong>Saison 2009\/2010 &#8211; Freies Gewand Blau<\/strong><\/p>\n<p style=\"text-align: center;\"><a href=\"https:\/\/i0.wp.com\/chlueppliseck.ch\/wordpress\/wp-content\/uploads\/2019\/03\/Gruppenfoto-Saison-2009-10.jpg?ssl=1\"><br><img data-recalc-dims=\"1\" loading=\"lazy\" decoding=\"async\" class=\"aligncenter wp-image-8491 size-medium\" src=\"https:\/\/i0.wp.com\/chlueppliseck.ch\/wordpress\/wp-content\/uploads\/2019\/03\/Gruppenfoto-Saison-2009-10.jpg?resize=600%2C433&#038;ssl=1\" alt=\"\" width=\"600\" height=\"433\" srcset=\"https:\/\/i0.wp.com\/chlueppliseck.ch\/wordpress\/wp-content\/uploads\/2019\/03\/Gruppenfoto-Saison-2009-10.jpg?resize=600%2C433&amp;ssl=1 600w, https:\/\/i0.wp.com\/chlueppliseck.ch\/wordpress\/wp-content\/uploads\/2019\/03\/Gruppenfoto-Saison-2009-10.jpg?resize=300%2C217&amp;ssl=1 300w, https:\/\/i0.wp.com\/chlueppliseck.ch\/wordpress\/wp-content\/uploads\/2019\/03\/Gruppenfoto-Saison-2009-10.jpg?resize=644%2C465&amp;ssl=1 644w, https:\/\/i0.wp.com\/chlueppliseck.ch\/wordpress\/wp-content\/uploads\/2019\/03\/Gruppenfoto-Saison-2009-10.jpg?w=680&amp;ssl=1 680w\" sizes=\"auto, (max-width: 600px) 100vw, 600px\" \/><\/a>(Klick auf das Bild f\u00fcr Vollbild&#8230;)<\/p>\n<hr>\n<p style=\"text-align: center;\"><b>Saison 2007\/2008 &#8211; Jubi-Gw\u00e4ndli<\/b><\/p>\n<p style=\"text-align: center;\"><a href=\"https:\/\/chlueppliseck.ch\/wordpress\/wp-content\/uploads\/2019\/03\/Gruppenfoto-Saison-2007-08.jpg\"><br><\/a><a href=\"https:\/\/i0.wp.com\/chlueppliseck.ch\/wordpress\/wp-content\/uploads\/2019\/03\/Gruppenfoto-Saison-2007-08.jpg?ssl=1\"><img data-recalc-dims=\"1\" loading=\"lazy\" decoding=\"async\" class=\"aligncenter wp-image-8492 size-medium\" src=\"https:\/\/i0.wp.com\/chlueppliseck.ch\/wordpress\/wp-content\/uploads\/2019\/03\/Gruppenfoto-Saison-2007-08.jpg?resize=600%2C433&#038;ssl=1\" alt=\"\" width=\"600\" height=\"433\" srcset=\"https:\/\/i0.wp.com\/chlueppliseck.ch\/wordpress\/wp-content\/uploads\/2019\/03\/Gruppenfoto-Saison-2007-08.jpg?resize=600%2C433&amp;ssl=1 600w, https:\/\/i0.wp.com\/chlueppliseck.ch\/wordpress\/wp-content\/uploads\/2019\/03\/Gruppenfoto-Saison-2007-08.jpg?resize=300%2C217&amp;ssl=1 300w, https:\/\/i0.wp.com\/chlueppliseck.ch\/wordpress\/wp-content\/uploads\/2019\/03\/Gruppenfoto-Saison-2007-08.jpg?resize=644%2C465&amp;ssl=1 644w, https:\/\/i0.wp.com\/chlueppliseck.ch\/wordpress\/wp-content\/uploads\/2019\/03\/Gruppenfoto-Saison-2007-08.jpg?w=680&amp;ssl=1 680w\" sizes=\"auto, (max-width: 600px) 100vw, 600px\" \/><\/a><span style=\"text-align: left; text-transform: none; text-indent: 0px; letter-spacing: normal; font-family: 'Noto Serif'; font-size: 16px; font-style: normal; font-variant: normal; font-weight: 400; text-decoration: none; word-spacing: 0px; display: inline !important; white-space: normal; cursor: text; orphans: 2; float: none; -webkit-text-stroke-width: 0px; background-color: transparent;\">(Klick auf das Bild f\u00fcr Vollbild&#8230;)<\/span><\/p>\n<hr>\n<p style=\"text-align: center;\"><b>Saison 2005\/2006 &#8211; ?<\/b><\/p>\n<p style=\"text-align: center;\"><a href=\"https:\/\/i0.wp.com\/chlueppliseck.ch\/wordpress\/wp-content\/uploads\/2019\/04\/111106_037.jpg?ssl=1\"><img data-recalc-dims=\"1\" loading=\"lazy\" decoding=\"async\" src=\"https:\/\/i0.wp.com\/chlueppliseck.ch\/wordpress\/wp-content\/uploads\/2019\/04\/111106_037.jpg?resize=600%2C450&#038;ssl=1\" alt=\"\" width=\"600\" height=\"450\"><\/a><\/p>\n<p style=\"text-align: center;\">(Klick auf das Bild f\u00fcr Vollbild&#8230;)<\/p>\n<hr>\n<p style=\"text-align: center;\"><b>Saison 2003\/2004 &#8211; ?<\/b><\/p>\n<p><a href=\"https:\/\/i0.wp.com\/chlueppliseck.ch\/wordpress\/wp-content\/uploads\/2019\/04\/Gruppe03.jpg?ssl=1\"><img data-recalc-dims=\"1\" loading=\"lazy\" decoding=\"async\" class=\"aligncenter wp-image-9678 size-medium\" src=\"https:\/\/i0.wp.com\/chlueppliseck.ch\/wordpress\/wp-content\/uploads\/2019\/04\/Gruppe03.jpg?resize=600%2C450&#038;ssl=1\" alt=\"\" width=\"600\" height=\"450\" srcset=\"https:\/\/i0.wp.com\/chlueppliseck.ch\/wordpress\/wp-content\/uploads\/2019\/04\/Gruppe03.jpg?resize=600%2C450&amp;ssl=1 600w, https:\/\/i0.wp.com\/chlueppliseck.ch\/wordpress\/wp-content\/uploads\/2019\/04\/Gruppe03.jpg?resize=300%2C225&amp;ssl=1 300w, https:\/\/i0.wp.com\/chlueppliseck.ch\/wordpress\/wp-content\/uploads\/2019\/04\/Gruppe03.jpg?resize=768%2C576&amp;ssl=1 768w, https:\/\/i0.wp.com\/chlueppliseck.ch\/wordpress\/wp-content\/uploads\/2019\/04\/Gruppe03.jpg?resize=644%2C483&amp;ssl=1 644w, https:\/\/i0.wp.com\/chlueppliseck.ch\/wordpress\/wp-content\/uploads\/2019\/04\/Gruppe03.jpg?w=1440&amp;ssl=1 1440w, https:\/\/i0.wp.com\/chlueppliseck.ch\/wordpress\/wp-content\/uploads\/2019\/04\/Gruppe03.jpg?w=1288&amp;ssl=1 1288w\" sizes=\"auto, (max-width: 600px) 100vw, 600px\" \/><\/a><\/p>\n<p style=\"text-align: center;\">(Klick auf das Bild f\u00fcr Vollbild&#8230;)<\/p>\n<hr>\n<p>So, weiter reicht unser Digitales Archiv leider nicht zur\u00fcck&#8230; Da m\u00fcsste man wohl oder \u00fcbel im Analogen Archiv st\u00f6bern&#8230;<\/p>\n<p>Dies wird vielleicht mal passieren, wenn es dem Webadmin extremst langweilig ist, oder er eine Pause braucht :p<\/p>\n","protected":false},"excerpt":{"rendered":"<p>Saison 2022\/2023 &#8211; Barock Coming soon&#8230; Saison 2019\/2020 und 2021 und 2022 Dank \ud83e\udda0\u200a &#8211; Tierisch gut drauf&#8230; (Klick auf das Bild f\u00fcr Vollbild&#8230;) Saison 2017\/2018 &#8211; R\u00f6ckl (Klick auf das Bild f\u00fcr Vollbild&#8230;) Saison 2015\/2016 &#8211; Froschk\u00f6nig&#8230; (Klick auf das Bild f\u00fcr Vollbild&#8230;) Saison 2013\/2014 &#8211; Zottelfell (Inoffiziell Totes Tier \ud83d\ude1c)\u2026 (Klick auf das&#8230;<\/p>\n","protected":false},"author":50,"featured_media":0,"parent":274,"menu_order":0,"comment_status":"closed","ping_status":"closed","template":"page_fullwidth.php","meta":{"ngg_post_thumbnail":0,"footnotes":""},"class_list":["post-8477","page","type-page","status-publish","hentry"],"jetpack_sharing_enabled":true,"_links":{"self":[{"href":"https:\/\/chlueppliseck.ch\/wordpress\/wp-json\/wp\/v2\/pages\/8477","targetHints":{"allow":["GET"]}}],"collection":[{"href":"https:\/\/chlueppliseck.ch\/wordpress\/wp-json\/wp\/v2\/pages"}],"about":[{"href":"https:\/\/chlueppliseck.ch\/wordpress\/wp-json\/wp\/v2\/types\/page"}],"author":[{"embeddable":true,"href":"https:\/\/chlueppliseck.ch\/wordpress\/wp-json\/wp\/v2\/users\/50"}],"replies":[{"embeddable":true,"href":"https:\/\/chlueppliseck.ch\/wordpress\/wp-json\/wp\/v2\/comments?post=8477"}],"version-history":[{"count":16,"href":"https:\/\/chlueppliseck.ch\/wordpress\/wp-json\/wp\/v2\/pages\/8477\/revisions"}],"predecessor-version":[{"id":12847,"href":"https:\/\/chlueppliseck.ch\/wordpress\/wp-json\/wp\/v2\/pages\/8477\/revisions\/12847"}],"up":[{"embeddable":true,"href":"https:\/\/chlueppliseck.ch\/wordpress\/wp-json\/wp\/v2\/pages\/274"}],"wp:attachment":[{"href":"https:\/\/chlueppliseck.ch\/wordpress\/wp-json\/wp\/v2\/media?parent=8477"}],"curies":[{"name":"wp","href":"https:\/\/api.w.org\/{rel}","templated":true}]}}